{"id":28,"date":"2010-10-20T10:21:35","date_gmt":"2010-10-20T08:21:35","guid":{"rendered":"http:\/\/www.tomliehr.de\/blog\/?page_id=28"},"modified":"2025-03-18T11:47:58","modified_gmt":"2025-03-18T09:47:58","slug":"termine","status":"publish","type":"page","link":"https:\/\/www.tomliehr.de\/?page_id=28","title":{"rendered":"Termine"},"content":{"rendered":"<p>\u00c4h. Ja. So gegen Anfang\/Mitte 2011 habe ich wohl damit aufgeh\u00f6rt, diesen Bereich zu pflegen, was vermutlich damit zu tun hat, dass ich die Termine in der Hauptsache bei <a title=\"Tom Liehr bei Facebook\" href=\"http:\/\/www.facebook.com\/pages\/Tom-Liehr\/99412624236\" target=\"_blank\" rel=\"noopener\">Facebook <\/a>ver\u00f6ffentlicht habe. Aber ich gelobe Besserung. Und fange gleich mal damit an:<\/p>\n<p><strong>Sonntag, 23.3.2025, Lesung aus &#8222;Im wechselnden Licht der Jahre&#8220; im Rahmen von &#8222;Rudow liest 2025&#8220;<\/strong><\/p>\n<p>Ort: <a href=\"https:\/\/www.genialokal.de\/buchhandlung\/berlin-rudow\/leporello-buch\/\" target=\"_blank\" rel=\"noopener\">Buchhandlung Leporello<\/a>, Krokusstra\u00dfe 91, 12357 Berlin (Rudow)<br \/>\nDatum: Sonntag, 23.3.2025<br \/>\nZeit: 12.00 Uhr<br \/>\nEintritt frei, Reservierung erbeten<\/p>\n<p><strong>Donnerstag, 5.9.2024, Lesung aus &#8222;Im wechselnden Licht der Jahre&#8220;<\/strong><\/p>\n<p>Ort: <a href=\"http:\/\/www.buchhaendlerkeller-berlin.de\/index.php\/eventreader\/events\/tom-liehr-liest-aus-seinem-roman-im-wechselnden-licht-der-jahre.html\" target=\"_blank\" rel=\"noopener\">Buchh\u00e4ndlerkeller Berlin<\/a>, Alt-Lietzow 12, 10587 Berlin-Charlottenburg<br \/>\nDatum: Donnerstag, 5.9.2024<br \/>\nZeit: 20.00 Uhr<br \/>\nEintritt 7 \u20ac, erm\u00e4\u00dfigt 5 \u20ac<\/p>\n<p><a href=\"https:\/\/www.tomliehr.de\/blog\/wp-content\/uploads\/2024\/08\/buchhaendlerkeller.png\"><img loading=\"lazy\" decoding=\"async\" class=\"alignnone wp-image-929 size-large\" src=\"https:\/\/www.tomliehr.de\/blog\/wp-content\/uploads\/2024\/08\/buchhaendlerkeller-1024x812.png\" alt=\"\" width=\"604\" height=\"479\" srcset=\"https:\/\/www.tomliehr.de\/blog\/wp-content\/uploads\/2024\/08\/buchhaendlerkeller-1024x812.png 1024w, https:\/\/www.tomliehr.de\/blog\/wp-content\/uploads\/2024\/08\/buchhaendlerkeller-300x238.png 300w, https:\/\/www.tomliehr.de\/blog\/wp-content\/uploads\/2024\/08\/buchhaendlerkeller-768x609.png 768w, https:\/\/www.tomliehr.de\/blog\/wp-content\/uploads\/2024\/08\/buchhaendlerkeller.png 1224w\" sizes=\"auto, (max-width: 604px) 100vw, 604px\" \/><\/a><\/p>\n<p><strong>Sonntag, 14.7.2024, LESUNG AM STRAND aus &#8222;Im wechselnden Licht der Jahre&#8220;<br \/>\n<\/strong><\/p>\n<p><a href=\"https:\/\/www.tomliehr.de\/blog\/wp-content\/uploads\/2024\/05\/lesung_guestrow.jpg\"><img loading=\"lazy\" decoding=\"async\" class=\"alignnone wp-image-912 size-full\" src=\"https:\/\/www.tomliehr.de\/blog\/wp-content\/uploads\/2024\/05\/lesung_guestrow.jpg\" alt=\"\" width=\"1024\" height=\"768\" srcset=\"https:\/\/www.tomliehr.de\/blog\/wp-content\/uploads\/2024\/05\/lesung_guestrow.jpg 1024w, https:\/\/www.tomliehr.de\/blog\/wp-content\/uploads\/2024\/05\/lesung_guestrow-300x225.jpg 300w, https:\/\/www.tomliehr.de\/blog\/wp-content\/uploads\/2024\/05\/lesung_guestrow-768x576.jpg 768w\" sizes=\"auto, (max-width: 1024px) 100vw, 1024px\" \/><\/a><\/p>\n<p><strong>Sonntag, 28.4.2024, 312. &#8222;Literatur Quickie&#8220;-Lesung (vermutlich aus &#8222;Freitags bei <a href=\"https:\/\/www.tomliehr.de\/blog\/wp-content\/uploads\/2022\/11\/paolo.jpg\"><img loading=\"lazy\" decoding=\"async\" class=\"size-medium wp-image-692 alignright\" src=\"https:\/\/www.tomliehr.de\/blog\/wp-content\/uploads\/2022\/11\/paolo-300x295.jpg\" alt=\"\" width=\"300\" height=\"295\" srcset=\"https:\/\/www.tomliehr.de\/blog\/wp-content\/uploads\/2022\/11\/paolo-300x295.jpg 300w, https:\/\/www.tomliehr.de\/blog\/wp-content\/uploads\/2022\/11\/paolo.jpg 651w\" sizes=\"auto, (max-width: 300px) 100vw, 300px\" \/><\/a>Paolo&#8220;)<\/strong><\/p>\n<p>Ort: &#8222;Tafelspitz&#8220;, Hamburg-Winterhude, Himmelstra\u00dfe 5<br \/>\nDatum: Sonntag, 28.4.2024<br \/>\nZeit: 16.00 Uhr<br \/>\nEintritt frei, Reservierung sinnvoll<\/p>\n<p><strong>Freitag, 17.3.2023, Lesung aus &#8222;Freitags bei Paolo&#8220;<\/strong><\/p>\n<p>Ort: Saal Hohenbucko-Pro\u00dfmarke, M\u00fchlenweg 6a<br \/>\nDatum: Freitag, 17.3.2023<br \/>\nZeit: 19.00 Uhr<br \/>\nEintritt frei<a href=\"https:\/\/www.tomliehr.de\/blog\/wp-content\/uploads\/2020\/03\/metting.jpg\"><br \/>\n<img loading=\"lazy\" decoding=\"async\" class=\"size-medium wp-image-499 alignright\" src=\"https:\/\/www.tomliehr.de\/blog\/wp-content\/uploads\/2020\/03\/metting-198x300.jpg\" alt=\"Die Wahrheit \u00fcber Metting\" width=\"198\" height=\"300\" srcset=\"https:\/\/www.tomliehr.de\/blog\/wp-content\/uploads\/2020\/03\/metting-198x300.jpg 198w, https:\/\/www.tomliehr.de\/blog\/wp-content\/uploads\/2020\/03\/metting.jpg 329w\" sizes=\"auto, (max-width: 198px) 100vw, 198px\" \/><\/a><\/p>\n<p><strong>Donnerstag, 28.4.2022, Lesung aus &#8222;Die Wahrheit \u00fcber Metting&#8220;\u00a0<\/strong><\/p>\n<p>Ort: Kniestedter Kirche in Salzgitter-Bad, Braunschweiger Stra\u00dfe 133, 38259 Salzgitter (Bad)<br \/>\nDatum: Donnerstag, 28. April 2022<br \/>\nZeit: 19.30 Uhr<br \/>\nEintritt: 14 \u20ac (Abendkasse), VVK 12 \u20ac beim <a href=\"https:\/\/www.salzgitter.de\/kultur\/literaturbuero.php\" target=\"_blank\" rel=\"noopener\">Literaturb\u00fcro der Stadt Salzgitter<\/a><\/p>\n<p><strong>Sonntag, 12.9.2021, Finale des Literaturwettbewerbs der &#8222;Gruppe 48&#8220;\u00a0<\/strong><\/p>\n<p>Ort: Schloss Eulenbroich, Zum Eulenbroicher Auel 19, 51503 R\u00f6srath<br \/>\nDatum: Sonntag, 12. September 2021<br \/>\nZeit: 10.30 Uhr bis ca. 17.00 Uhr (mit Pause)<br \/>\nEintritt: frei &#8211; <a href=\"https:\/\/www.roesrath.de\/veranstaltung-details.aspx?id=179adfc6-9b73-4aa5-94ec-1a2dffcc5dd0&amp;datum=12.09.2021\">Anmeldung<\/a> erforderlich (auf Link klicken)!<\/p>\n<p><strong>Freitag, 29.3.2019, Lesung aus &#8222;Landeier&#8220; und kommenden Werken im Rahmen der Gemeinschaftslesung &#8222;Gute Geschichten&#8220; mit den 42erAutoren<\/strong><\/p>\n<p>Ort: <a href=\"http:\/\/www.kofferfabrik.cc\/#\" target=\"_blank\" rel=\"noopener\">&#8222;Kofferfabrik&#8220;<\/a>, Lange Str. 81, 90762 F\u00fcrth<br \/>\nDatum: Freitag, 29. M\u00e4rz 2019<br \/>\nZeit: 19.30 Uhr<br \/>\nEintritt: t.b.a.<\/p>\n<p><strong>Donnerstag, 24.1.2019 + Freitag, 25.1.2019 &#8211; Doppellesung in Bamberg: &#8222;Tom Liehr &#8211; Best of (Tom Liehr und sein Bamberg)&#8220;<br \/>\n<\/strong><strong>Teil 1, Kneipenlesung im &#8222;Strawanza<\/strong>&#8220;<br \/>\nOrt: <a href=\"https:\/\/www.facebook.com\/Strawanza-320863495387177\/\" target=\"_blank\" rel=\"noopener\">Kneipe &#8222;Strawanza&#8220;<\/a>, Obere K\u00f6nigstra\u00dfe 34, 96052 Bamberg<br \/>\nDatum: Donnerstag, 24. Januar 2019<br \/>\nZeit: 20.00 Uhr<br \/>\nEintritt: 10 \u20ac<\/p>\n<p><strong>Teil 2: Lesung in der Buchhandlung &#8222;Herr Heilmann &#8211; gute B\u00fccher&#8220;<\/strong><br \/>\nOrt: <a href=\"https:\/\/www.facebook.com\/herrheilmann\" target=\"_blank\" rel=\"noopener\">Buchhandlung &#8222;Herr Heilmann &#8211; gute B\u00fccher&#8220;<\/a>, Karolinenstra\u00dfe 22, 96049 Bamberg<br \/>\nDatum: Freitag, 25. Januar 2019<br \/>\nZeit: 18.00 Uhr (!)<br \/>\nEintritt: t.b.a.<\/p>\n<p><strong>Freitag, 2.11.2018, Lesung aus &#8222;Landeier&#8220; im Rahmen der Langen Lesenacht der 42erAutoren unter dem Motto &#8222;Das Leben ist ein Fest&#8220;<br \/>\n<\/strong><\/p>\n<p>Ort: <a href=\"https:\/\/www.moritz-lux.de\/\" target=\"_blank\" rel=\"noopener\">Buchhandlung &#8222;Moritz und Lux&#8220;, G\u00e4nsemarkt 3, 97980 Bad Mergentheim<\/a><br \/>\nDatum: Freitag, 2. November 2018<br \/>\nZeit: 19.30 Uhr<br \/>\nEintritt: VVK 12 \u20ac, AK 15 \u20ac<\/p>\n<p><strong>Freitag, 8.6.2018, Lesung aus &#8222;Landeier&#8220; im Rahmen der Lesung ausgew\u00e4hlter 42erAutoren am Vorabend der Vergabe des Putlitzer Preises<br \/>\n<\/strong><\/p>\n<p>Ort: Pfarrscheune Putlitz<br \/>\nDatum: Freitag, 8. Juni 2018<br \/>\nZeit: 19.30 Uhr<br \/>\nEintritt: frei<\/p>\n<p><strong>Samstag, 29.10.2016, Buchpremiere &#8222;Landeier&#8220;<a href=\"https:\/\/www.amazon.de\/exec\/obidos\/ASIN\/3499290421\/wwwtomliehde-21\"><img loading=\"lazy\" decoding=\"async\" class=\"alignright \" src=\"https:\/\/images-na.ssl-images-amazon.com\/images\/I\/51mYpsZ5X7L._SX319_BO1,204,203,200_.jpg\" alt=\"\" width=\"155\" height=\"248\" \/><\/a><\/strong><\/p>\n<p style=\"padding-left: 30px;\">Ort: <a href=\"http:\/\/www.lange-nacht.com\" target=\"_blank\" rel=\"noopener\">&#8222;Lange Nacht&#8220;, Weisestra\u00dfe 8, 12049 Berlin (Neuk\u00f6lln)<\/a><br \/>\nDatum: Samstag, 29. Oktober 2016<br \/>\nZeit: 20.00 Uhr<br \/>\nEintritt: frei<\/p>\n<p><strong>Dienstag, 16.2.2016, Gemeinsame Lesung mit Sven Stricker (&#8222;S\u00f6rensen hat Angst&#8220;) und Safia Monney (&#8222;Am Ende ist noch l\u00e4ngst nicht Schluss&#8220;) &#8211; ich lese aus &#8222;Nachttankstelle&#8220;<br \/>\n<\/strong><\/p>\n<p style=\"padding-left: 30px;\">Ort: <a href=\"http:\/\/www.uslarundrai.de\/\" target=\"_blank\" rel=\"noopener\">Buchhandlung Uslar &amp; Rai, Sch\u00f6nhauser Allee 43, Berlin<\/a><br \/>\nDatum: Dienstag, 16. Februar 2016<br \/>\nZeit: 19.30 Uhr<br \/>\nEintritt: 7 \u20ac(Reservierungen empfehlenswert)<\/p>\n<p><strong>Samstag, 26.9.2015, Lesung aus &#8222;Nachttankstelle&#8220;<\/strong><\/p>\n<p style=\"padding-left: 30px;\">Ort: <a href=\"http:\/\/www.unperfekthaus.de\/\" target=\"_blank\" rel=\"noopener\">&#8222;Unperfekthaus&#8220;, Friedrich-Ebert-Stra\u00dfe 18, 45127 Essen<\/a><br \/>\nDatum: Samstag, 26. September 2015<br \/>\nZeit: 20.00 Uhr<br \/>\nEintritt: frei, Spende erw\u00fcnscht, &#8222;Getr\u00e4nkeflatrate&#8220;<\/p>\n<p><strong>Freitag, 25.9.2015, Lesung aus &#8222;Nachttankstelle&#8220;<\/strong><\/p>\n<p style=\"padding-left: 30px;\">Ort: <a href=\"http:\/\/www.cafe-caspers.de\/\" target=\"_blank\" rel=\"noopener\">&#8222;Casper&#8217;s Caf\u00c3\u00a9 und Bistro&#8220;, Caspersg\u00e4\u00dfchen 4, 45657 Recklinghausen<\/a><strong><a href=\"http:\/\/www.amazon.de\/Nachttankstelle-Tom-Liehr\/dp\/3499269821\/wwwtomliehde-21\"><img loading=\"lazy\" decoding=\"async\" class=\"alignright\" style=\"margin-left: 10px; margin-right: 10px;\" src=\"http:\/\/www.tomliehr.de\/nt_cover.jpg\" alt=\"\" width=\"151\" height=\"259\" \/><\/a><\/strong><br \/>\nDatum: Freitag, 25. September 2015<br \/>\nZeit: 20.00 Uhr<br \/>\nEintritt: 12 \u00e2&#8217;\u00ac, erm\u00e4\u00dfigt 8 \u00e2&#8217;\u00ac<\/p>\n<p><strong>Freitag, 28.8.2015, Buchpremiere &#8222;Nachttankstelle&#8220;<\/strong><\/p>\n<p style=\"padding-left: 30px;\">Ort: <a href=\"http:\/\/www.lange-nacht.com\" target=\"_blank\" rel=\"noopener\">&#8222;Lange Nacht&#8220;, Weisestra\u00dfe 8, 12049 Berlin (Neuk\u00f6lln)<\/a><br \/>\nDatum: Freitag, 28. August 2015<br \/>\nZeit: 20.00 Uhr<br \/>\nEintritt: frei<\/p>\n<p><strong>Mittwoch, 5.8.2015, Biergartenlesung aus &#8222;Leichtmatrosen&#8220; und &#8222;Nachttankstelle&#8220;<\/strong><\/p>\n<p style=\"padding-left: 30px;\">Ort: <a href=\"http:\/\/belami-hamburg.de\/\" target=\"_blank\" rel=\"noopener\">Biergarten des &#8222;BeLaMi&#8220;, Hamburg-Bergedorf<\/a><br \/>\nDatum: Mittwoch, 5. August 2015<br \/>\nZeit: 20.30 Uhr<br \/>\nEintritt: frei<\/p>\n<p><strong>Freitag, 8.5.2015, Lesung aus &#8222;Leichtmatrosen&#8220; im Rahmen des &#8222;Literarischen Weinfests M\u00f6nchgr\u00fcn&#8220;<br \/>\n<\/strong><\/p>\n<p style=\"padding-left: 30px;\">Ort: <a href=\"http:\/\/beta.weinfest-moenchgruen.de\/index.php?id=89\" target=\"_blank\" rel=\"noopener\">Dorfkirche G\u00f6rkwitz<\/a><br \/>\nDatum: Freitag, 8. Mai 2015<br \/>\nZeit: 19.00 Uhr<br \/>\nEintritt: k.A.<strong><a href=\"http:\/\/www.amazon.de\/Leichtmatrosen-Roman-Tom-Liehr\/dp\/3352008531\/wwwtomliehde-21\"><img loading=\"lazy\" decoding=\"async\" class=\"alignright\" style=\"margin-left: 10px; margin-right: 10px;\" src=\"http:\/\/www.tomliehr.de\/lm_cover.jpg\" alt=\"\" width=\"151\" height=\"259\" \/><\/a><\/strong><\/p>\n<p><strong>Donnerstag, 17.10.2013, Lesung aus &#8222;Leichtmatrosen&#8220;<\/strong><\/p>\n<p style=\"padding-left: 30px;\">Ort: <a href=\"http:\/\/www.crimmitschau.de\/crm\/module\/veranst\/idx.asp?wastun=detail&amp;from1=startseite&amp;from2=startseite&amp;id=398\" target=\"_blank\" rel=\"noopener\">Theater Crimmitschau<\/a>, Oberes Foyer, Theaterstra\u00dfe 1, 08459 Crimmitschau<br \/>\nDatum: Donnerstag, 17. Oktober 2013<br \/>\nZeit: 19.30 Uhr<br \/>\nEintritt: 10,&#8211; \u00e2&#8217;\u00ac<\/p>\n<p><strong>Donnerstag, 27.6.2013, Lesung aus &#8222;Leichtmatrosen&#8220;<\/strong><\/p>\n<p style=\"padding-left: 30px;\">Ort: <a href=\"http:\/\/www.buchhaendlerkeller-berlin.de\/\" target=\"_blank\" rel=\"noopener\">Buchh\u00e4ndlerkeller Berlin<\/a>, Cramerstra\u00dfe 1, 10623 Berlin<br \/>\nDatum: Donnerstag, 27. Juni 2013<br \/>\nZeit: 20.30 Uhr<br \/>\nEintritt: n.n.<\/p>\n<p><strong>Sonntag, 23.6.2013, Lesung aus &#8222;Leichtmatrosen&#8220; im Rahmen der Reihe &#8222;VollmOnd&#8220; des Hans-Fallada-Klubs Neustrelitz (Ausgabe 200 &#8211; Jubil\u00e4umsveranstaltung!)<\/strong><\/p>\n<p style=\"padding-left: 30px;\">Ort: <a title=\"Hotel Schlossgarten\" href=\"http:\/\/www.hotel-schlossgarten.de\/\" target=\"_blank\" rel=\"noopener\">Hotel Schlossgarten<\/a>, Tiergartenstra\u00dfe 15, 17235 Neustrelitz<br \/>\nDatum: Sonntag, 23. Juni 2013<br \/>\nZeit: 20.00 Uhr<br \/>\nEintritt: n.n.<\/p>\n<p><strong>Mittwoch, 15.5.2013: Lesung aus &#8222;Leichtmatrosen&#8220;<\/strong><\/p>\n<p style=\"padding-left: 30px;\">Ort: <a href=\"http:\/\/www.herbrechtingen.de\/buecherei\/\" target=\"_blank\" rel=\"noopener\">Stadtbibliothek im Kulturzentrum<\/a>, Eselsburger Stra\u00dfe 8, 89542 Herbrechtingen<br \/>\nDatum: Mittwoch, 15. Mai 2013<br \/>\nZeit: 20.00 Uhr<br \/>\nEintritt: 7,&#8211; \u00e2&#8217;\u00ac VVK, 9,&#8211; \u00e2&#8217;\u00ac AK<\/p>\n<p><strong>Freitag, 12.4.2013: Buchpremiere &#8222;Leichtmatrosen&#8220;<\/strong><\/p>\n<p style=\"padding-left: 30px;\">Ort: <a title=\"Heimathafen Neuk\u00f6lln\" href=\"http:\/\/www.heimathafen-neukoelln.de\/\" target=\"_blank\" rel=\"noopener\">Heimathafen Neuk\u00f6lln<\/a>, Karl-Marx-Str. 141, 12043 Berlin<br \/>\nDatum: Freitag, 12. April 2013<br \/>\nZeit: 19.30 Uhr<br \/>\nEintritt: 7,&#8211; \u00e2&#8217;\u00ac, erm\u00e4\u00dfigt 5,&#8211; \u00e2&#8217;\u00ac<br \/>\nTickets unter Tel. 030\/56 82 13 33 oder karten@heimathafen-neukoelln.de<br \/>\nMit einer Einf\u00fchrung von Reinhard Rohn, Musik (m\u00f6glicherweise sogar live) und Bildern<br \/>\nAnschlie\u00dfend After-Show-Party im <a title=\"Die beste Kneipe der Welt\" href=\"http:\/\/www.lange-nacht.com\" target=\"_blank\" rel=\"noopener\">&#8222;Lange Nacht&#8220;<\/a><\/p>\n<table border=\"0\" width=\"100%\" cellspacing=\"0\" cellpadding=\"0\">\n<tbody>\n<tr>\n<td>\n<h2><strong>\u00a0\u00c4ltere Termine (unvollst\u00e4ndig):<\/strong><\/h2>\n<p><strong>Montag, 30.5.2011: Lesung aus &#8222;\u00c3_ contresens&#8220; (Geisterfahrer)<br \/>\n<\/strong><\/p>\n<blockquote>\n<h6>Ort: <a title=\"Maison Heinrich-Heine\" href=\"http:\/\/www.maison-heinrich-heine.fr\/fr\/tom-liehr\/\" target=\"_blank\" rel=\"noopener\">Heinrich-Heine-Haus<\/a>, Cit\u00c3\u00a9 internationale universitaire de Paris, Paris, Frankreich<br \/>\nDatum: Montag, 30. Mai 2011<br \/>\nZeit: 20.00 Uhr<br \/>\nEintritt: frei<\/h6>\n<\/blockquote>\n<p>&nbsp;<\/p>\n<p><strong>Dienstag, 31.5.2011: Signierstunde &#8222;\u00c3_ contresens&#8220; (Geisterfahrer)<br \/>\n<\/strong><\/p>\n<blockquote>\n<h6>Ort: Librairie Folies d&#8217;encre,14 place du Caquet, 93200 Saint-Denis, Saint-Denis, Frankreich<br \/>\nDatum: Dienstag, 31. Mai 2011<br \/>\nZeit: 19.30 Uhr<br \/>\nEintritt: frei<\/h6>\n<\/blockquote>\n<p>&nbsp;<\/td>\n<td valign=\"top\">\n<div><a href=\"http:\/\/www.amazon.de\/exec\/obidos\/ASIN\/3746623820\/ref=ase_wwwtomliehde-21\" target=\"_blank\" rel=\"noopener\"><img loading=\"lazy\" decoding=\"async\" class=\"alignright\" src=\"..\/..\/AlteSite\/gfmini.jpg\" alt=\"\" width=\"117\" height=\"193\" border=\"0\" vspace=\"5\" \/><\/a><img loading=\"lazy\" decoding=\"async\" class=\"alignright\" title=\"\u00c3_ contresens\" src=\"http:\/\/ecx.images-amazon.com\/images\/I\/41uHygvcJQL._SL500_AA300_.jpg\" alt=\"\" width=\"196\" height=\"196\" \/><\/div>\n<\/td>\n<\/tr>\n<tr>\n<td><\/td>\n<td valign=\"top\"><\/td>\n<\/tr>\n<\/tbody>\n<\/table>\n<table border=\"0\" width=\"100%\" cellspacing=\"0\" cellpadding=\"0\">\n<tbody>\n<tr>\n<td><span style=\"color: #000000;\"><strong><span style=\"font-size: small;\">Donnerstag<\/span><span style=\"font-size: small;\">, 5.8.2010: Lesung aus &#8222;Pauschaltourist&#8220;<\/span><\/strong><\/span><\/p>\n<blockquote>\n<h6><span style=\"color: #000000;\">Ort: <strong>Haus Linde<\/strong>, Arkonastra\u00dfe 31, 18551 Lohme<br \/>\nDatum: Donnerstag, 19. August 2010<br \/>\nZeit: 20.00 Uhr<br \/>\nEintritt: t.b.a.<\/span><\/h6>\n<\/blockquote>\n<p><span style=\"color: #000000;\"><strong><span style=\"font-size: small;\">Freitag, 11.6.2010: Drei auf Hartmuts Couch<\/span><\/strong><\/span><\/p>\n<blockquote>\n<h6><span style=\"color: #000000;\">Diskussionsrunde mit Matthias Sachau, Oliver Uschmann, Raymund Krauleidis und mir im Rahmen der mehrw\u00f6chigen Performance-Ausstellung &#8222;Ab ins Buch&#8220; rund um Uschmanns Reihe &#8222;Hartmut und ich&#8220;. Die Runde wird gefilmt, die B\u00fccher werden vorgestellt, anschlie\u00dfend spielen die Autoren Computerspiele und schauen sich gemeinsam den WM-Auftakt an<br \/>\nO<\/span><span style=\"color: #000000;\">rt: <strong><a href=\"http:\/\/www.kulturgut-nottbeck.de\/\" target=\"_blank\" rel=\"noopener\">Kulturgut Haus Nottbeck in Oelde<\/a><\/strong>, Landrat-Predeick-Allee 1, 59302 Oelde-Stromberg<br \/>\nDatum: Freitag, 11. Juni 2010<br \/>\nZeit: 18.00 Uhr<br \/>\nEintritt: k.A.<\/span><\/h6>\n<\/blockquote>\n<p><span style=\"color: #000000;\"><strong><span style=\"font-size: small;\">Donnerstag, 10.6.2010: Buchvorstellung &#8222;Pauschaltourist&#8220;, Diskussion<\/span><\/strong><\/span><\/p>\n<blockquote>\n<h6><span style=\"color: #000000;\">Ort: <strong><a href=\"http:\/\/www.baltic-college.de\/\" target=\"_blank\" rel=\"noopener\">Baltic College Schwerin<\/a><\/strong>, Lankower Str. 9-11, 19057 Schwerin<br \/>\nDatum: Donnerstag, 10. Juni 2010<br \/>\nZeit: 14.00 Uhr<br \/>\nEintritt: k.A.<\/span><\/h6>\n<\/blockquote>\n<p><span style=\"color: #000000;\"><strong><span style=\"font-size: small;\">Mittwoch, 14.4.2010: Lesung aus &#8222;Pauschaltourist&#8220;<\/span><\/strong><\/span><\/p>\n<blockquote>\n<h6><span style=\"color: #000000;\">Ort: <strong><a href=\"http:\/\/www.guestrow.de\/tourismus-und-kultur\/uwe-johnson-bibliothek.html\" target=\"_blank\" rel=\"noopener\">Uwe-Johnson-Bibliothek G\u00fcstrow<\/a><\/strong>, Am Wall 2, 18273 G\u00fcstrow, Tel.: 03843 7262-0<br \/>\nDatum: Mittwoch, 14. April 2010<br \/>\nZeit: 19.30 Uhr<br \/>\nEintritt: N.N.<\/span><\/h6>\n<\/blockquote>\n<p><span style=\"color: #000000;\"><strong><span style=\"font-size: small;\">Montag, 4.1.2010: Urlaubslesung aus &#8222;Pauschaltourist&#8220; <\/span><\/strong><\/span><\/p>\n<blockquote>\n<h6><span style=\"color: #000000;\">Ort: <strong>Restaurant &#8222;Carpe Diem&#8220;<\/strong>, Villa de Tazacorte, Calle Nueva Nr.16, La Palma (Kanaren)<br \/>\nDatum: Montag, 4. Januar 2010<br \/>\nZeit: so gegen 20.00 Uhr<br \/>\nEintritt: vermutlich frei<\/span><\/h6>\n<\/blockquote>\n<p><span style=\"color: #000000;\"><strong><span style=\"font-size: small;\">Samstag, 5.12.2009: Lesung bei<\/span><span style=\"color: #ffff00; font-size: small;\"> <a href=\"http:\/\/www.feelslikehome.org\/\" target=\"_blank\" rel=\"noopener\">&#8222;Feels like home&#8220;<\/a> <span style=\"color: #ffffff;\">&#8211; MUSIC &amp; READING<\/span><\/span><\/strong><\/span><\/p>\n<blockquote>\n<h6><span style=\"color: #000000;\">veranstaltet von Johannes Strate (&#8222;Revolverheld&#8220;) und Dannie Quilitzsch,<br \/>\nmit Ari Hest (New York), Chris Trapper (Boston), Helgi Jonsson (Reykjavik) und mir (Berlin)<br \/>\nOrt: <strong><a href=\"http:\/\/www.knusthamburg.de\/\" target=\"_blank\" rel=\"noopener\">KNUST Hamburg <\/a><\/strong>, Neuer Kamp 30, 20357 Hamburg<br \/>\nDatum: Samstag, 5. Dezember 2009<br \/>\nEinlass: 20.00 Uhr<br \/>\nBeginn: 21.00 Uhr<br \/>\nEintritt: 13,90 &#8211; Erl\u00f6se gehen an <a href=\"http:\/\/www.vivaconagua.org\/\" target=\"_blank\" rel=\"noopener\">Viva con Agua de Sankt Pauli e.V.<\/a><\/span><\/h6>\n<\/blockquote>\n<p><span style=\"color: #000000;\"><strong><span style=\"font-size: small;\">Samstag, 31.10.2009: &#8222;Pauschaltourist&#8220; &#8211; Buchpremiere &amp; Party<\/span><\/strong><\/span><\/p>\n<blockquote>\n<h6><span style=\"color: #000000;\">mit \u00dcberraschungsg\u00e4sten, Showeinlagen und Gewinnspiel<br \/>\nOrt: <strong><a href=\"http:\/\/www.lange-nacht.com\/\" target=\"_blank\" rel=\"noopener\">Lange Nacht<\/a><\/strong>, Weisestra\u00dfe 8, 12049 Berlin<br \/>\nDatum: Samstag, 31. Oktober 2009<br \/>\nZeit: 20.00 Uhr, Lesung ab ca. 21.00 Uhr, danach Party<br \/>\nEintritt: frei<\/span><\/h6>\n<\/blockquote>\n<p><span style=\"color: #000000;\"><strong><span style=\"font-size: small;\">Samstag, 19.9.2009: Lesung im Rahmen der 5. LangenLeseNacht in Spaichingen<\/span><\/strong><\/span><\/p>\n<blockquote>\n<h6><span style=\"color: #000000;\">mit Carolin Hafen, Erkan Mete, Daniela Mattes, Silke Porath und Wolfgang Kirschner<br \/>\nOrt: <strong><a href=\"http:\/\/www.spaichingen-info.de\/category\/veranstaltungen\/\" target=\"_blank\" rel=\"noopener\">Gewerbemuseum Spaichingen<\/a><\/strong>, Bahnhofstr. 5, 78549 Spaichingen (Tel.: 07424-501445)<br \/>\nDatum: Samstag, 19. September 2009<br \/>\nZeit: 19.00 Uhr<br \/>\nEintritt: 3 Euro<\/span><\/h6>\n<\/blockquote>\n<\/td>\n<td rowspan=\"2\" valign=\"top\"><span style=\"color: #000000;\"><a href=\"http:\/\/www.amazon.de\/exec\/obidos\/ASIN\/3746625335\/ref=ase_wwwtomliehde-21\" target=\"_blank\" rel=\"noopener\"><img loading=\"lazy\" decoding=\"async\" src=\"..\/..\/AlteSite\/ptmini.jpg\" alt=\"\" width=\"116\" height=\"193\" border=\"0\" vspace=\"5\" \/><\/a><\/span><\/td>\n<\/tr>\n<tr>\n<td><\/td>\n<\/tr>\n<tr>\n<td><span style=\"color: #000000;\"><strong><span style=\"font-size: small;\">Samstag, 28.3.2009: Gastauftritt bei &#8222;Unter den Sternen&#8220; &#8211; Lesung, Musik und Kleinkunst<\/span><\/strong><\/span><\/p>\n<blockquote>\n<h6><span style=\"color: #000000;\">mit Martin Bering und Gunhild Kreuzer<br \/>\nOrt: <strong><a href=\"http:\/\/www.lange-nacht.com\/\" target=\"_blank\" rel=\"noopener\">Lange Nacht<\/a><\/strong>, Weisestra\u00dfe 8, 12049 Berlin<br \/>\nDatum: Samstag, 28. M\u00e4rz 2009<br \/>\nZeit: 21.00 Uhr<br \/>\nEintritt: 5 Euro, erm\u00e4\u00dfigt 3 Euro<\/span><\/h6>\n<\/blockquote>\n<p><span style=\"color: #000000;\"><strong><span style=\"font-size: small;\">Samstag, 25.10.2008: Lesung im Rahmen der 4. LangenLeseNacht in Spaichingen<\/span><\/strong><\/span><\/p>\n<blockquote>\n<h6><span style=\"color: #000000;\">Besetzung wird noch bekanntgegeben<br \/>\nOrt: <strong><a href=\"http:\/\/www.spaichingen.de\/museum\" target=\"_blank\" rel=\"noopener\">Gewerbemuseum Spaichingen<\/a><\/strong>, Bahnhofstr. 5, 78549 Spaichingen (Tel.: 07424-501445)<br \/>\nDatum: Samstag, 25. Oktober 2008<br \/>\nZeit: 19.00 Uhr<\/span><\/h6>\n<\/blockquote>\n<h6><span style=\"color: #000000;\"><strong><span style=\"font-size: small;\">Samstag, 8.3.2008: &#8222;Geisterfahrer&#8220; &#8211; Buchpremiere &amp; Party<\/span><\/strong><\/span><\/h6>\n<blockquote>\n<h6><span style=\"color: #000000;\">Ort: <strong><a href=\"http:\/\/www.lange-nacht.com\/\" target=\"_blank\" rel=\"noopener\">Lange Nacht<\/a><\/strong>, Weisestra\u00dfe 8, 12049 Berlin<br \/>\nDatum: Samstag, 8. M\u00e4rz 2008<br \/>\nZeit: 20.00 Uhr, Lesung ab ca. 21.00 Uhr, danach Party<br \/>\nEintritt: frei<\/span><\/h6>\n<\/blockquote>\n<p><span style=\"color: #000000;\"><strong><span style=\"font-size: small;\">Montag, 31.3.2008: Lesung aus &#8222;Geisterfahrer&#8220;<\/span><\/strong><\/span><\/p>\n<blockquote>\n<h6><span style=\"color: #000000;\">Ort: <strong><a href=\"http:\/\/www.leuenhagen-paris.de\/\" target=\"_blank\" rel=\"noopener\">Buchhandlung Leuenhagen &amp; Paris<\/a><\/strong>, Lister Meile 39, 30161 Hannover<br \/>\nDatum: Montag, 31. M\u00e4rz 2008<br \/>\nZeit: 19.30 Uhr<br \/>\nEintritt: wird beizeiten bekanntgegeben<\/span><\/h6>\n<\/blockquote>\n<\/td>\n<td valign=\"top\">\n<div><span style=\"color: #000000;\"><a href=\"http:\/\/www.amazon.de\/exec\/obidos\/ASIN\/3746623820\/ref=ase_wwwtomliehde-21\" target=\"_blank\" rel=\"noopener\"><img loading=\"lazy\" decoding=\"async\" src=\"..\/..\/AlteSite\/gfmini.jpg\" alt=\"\" width=\"117\" height=\"193\" border=\"0\" vspace=\"5\" \/><\/a><\/span><\/div>\n<\/td>\n<\/tr>\n<tr>\n<td>\n<hr noshade=\"noshade\" size=\"1\" \/>\n<\/td>\n<td valign=\"top\"><\/td>\n<\/tr>\n<tr>\n<td><span style=\"color: #000000;\"><strong><span style=\"font-size: small;\">Samstag, 22.9.2007: Lesung im Rahmen der 3. LangenLeseNacht in Spaichingen<\/span><\/strong><\/span><\/p>\n<blockquote>\n<h6><span style=\"color: #000000;\">mit Silke Porath, Marcel Magis, Monika Detering, Erkan Mete, Bernd Diehl, Horst-Dieter Radke, Michael H\u00f6fler, J\u00f6rg Lingroen, Karen Lark und anderen<br \/>\nOrt: <strong><a href=\"http:\/\/www.spaichingen.de\/museum\" target=\"_blank\" rel=\"noopener\">Gewerbemuseum Spaichingen<\/a><\/strong>, Bahnhofstr. 5, 78549 Spaichingen (Tel.: 07424-501445)<br \/>\nDatum: Samstag, 22. September 2007<br \/>\nZeit: 19.00 Uhr<\/span><\/h6>\n<\/blockquote>\n<p><span style=\"color: #000000;\"><strong><span style=\"font-size: small;\">Samstag, 23.6.2007: Lesung aus &#8222;Idiotentest&#8220; im Rahmen der Veranstaltung &#8222;48 Stunden Neuk\u00f6lln&#8220;<\/span><\/strong><\/span><\/p>\n<blockquote>\n<h6><span style=\"color: #000000;\">mit Tanja D\u00fcckers, Horst Bosetzky, Nils Heinrich, J\u00fcrgen K\u00fctz u.v.a.m.<br \/>\nOrt: <a href=\"http:\/\/www.leselustladen.info\/48nk.html\" target=\"_blank\" rel=\"noopener\">LeseLustLaden Berlin-Neuk\u00f6lln<\/a><br \/>\nDatum: Freitag, 22. Juni, 19:00 Uhr bis Sonntag, 24. Juni, 19:00 nonstop<br \/>\nMein Slot ist derjenige am <strong>Samstag, dem 23. Juni, um 24:00 Uhr<\/strong> (Mitternacht)<br \/>\nEintritt: frei<\/span><\/h6>\n<\/blockquote>\n<p><span style=\"color: #000000;\"><strong><span style=\"font-size: small;\">Samstag, 26.8.2006: Lesung mit den 42erAutoren im Literaturhaus in Kiel<\/span><\/strong><\/span><\/p>\n<blockquote>\n<h6><span style=\"color: #000000;\">mit Karen Lark, Dirk Becker, Michael H\u00f6fler, Ellen Balsewitsch-Oldach, Hans-J\u00f6rg Grohmann<br \/>\nOrt: <a href=\"http:\/\/www.literaturhaus-sh.de\/\" target=\"_blank\" rel=\"noopener\"><strong>Literaturhaus Schleswig-Holstein<\/strong><\/a>, Schwanenweg 13, Kiel<br \/>\nDatum: Samstag, 26. August 2006<br \/>\nZeit: 19.00 Uhr<br \/>\nEintritt: 5 Euro, erm\u00e4\u00dfigt 3 Euro<\/span><\/h6>\n<\/blockquote>\n<p><span style=\"color: #000000;\"><strong><span style=\"font-size: small;\">Sonntag, 18.6.2006: Lesung mit den 42erAutoren beim LiteraturPARKours im Schlo\u00dfpark Rauischholzhausen bei Marburg<\/span><\/strong><\/span><\/p>\n<blockquote>\n<h6><span style=\"color: #000000;\">mit Silke Porath, Michael H\u00f6fler, Bernd Diehl, Iris Kammerer, Susanne Gerdom, Heike Wolf und Helmut Kammerer<br \/>\nOrt: <strong>Schlo\u00dfpark Rauischholzhausen (bei Marburg)<\/strong><br \/>\nDatum: Sonntag, 18. Juni 2006<br \/>\nZeit: ab ca. 11.00 Uhr<\/span><\/h6>\n<\/blockquote>\n<p><span style=\"color: #000000;\"><strong><span style=\"font-size: small;\">Samstag, 6.5.2006: Lesung aus &#8222;Idiotentest&#8220; im Rahmen der 2. LangenLeseNacht in Spaichingen<\/span><\/strong><\/span><\/p>\n<blockquote>\n<h6><span style=\"color: #000000;\">mit Silke Porath, Michael H\u00f6fler, Adalbert Hauser und anderen<br \/>\nOrt: <strong><a href=\"http:\/\/www.spaichingen.de\/museum\" target=\"_blank\" rel=\"noopener\">Gewerbemuseum Spaichingen<\/a><\/strong>, Bahnhofstr. 5, 78549 Spaichingen (Tel.: 07424-501445)<br \/>\nDatum: Samstag, 6. Mai 2006<br \/>\nZeit: 19.00 Uhr<\/span><\/h6>\n<\/blockquote>\n<p><span style=\"color: #000000;\"><strong><span style=\"font-size: small;\">Freitag, 3.3.2006:<br \/>\nLesung bei &#8222;Eins Live &#8211; Klubbing&#8220;<\/span><\/strong><\/span><\/p>\n<blockquote>\n<h6><span style=\"color: #000000;\">Ort: &#8222;<strong>Kultkomplex Caf\u00c3\u00a9<\/strong>&#8222;, WDR, K\u00f6ln<br \/>\nDatum: Freitag, 3. M\u00e4rz 2003<br \/>\nZeit: Zwischen 23.00 und 24.00 Uhr<br \/>\nN\u00e4here Infos und Kartenvorbestellungen <a href=\"http:\/\/www.einslive.de\/daswort\/derlauschangriff\/klubbing\/\" target=\"_blank\" rel=\"noopener\">hier<\/a><\/span><\/h6>\n<\/blockquote>\n<p><span style=\"color: #000000;\"><strong><span style=\"font-size: small;\">Samstag, 4.3.2006:<br \/>\nLesung mit den 42erAutoren in der Stadtbibliothek Marburg<\/span><\/strong><\/span><\/p>\n<p><span style=\"color: #000000;\"><strong><span style=\"font-size: small;\">Samstag, 15.10.2005:<br \/>\n&#8222;Idiotentest&#8220; &#8211; Buchpremiere &amp; Party<\/span><\/strong><\/span><\/p>\n<blockquote>\n<h6><span style=\"color: #000000;\">Ort: &#8222;<a href=\"http:\/\/www.lange-nacht.com\/\" target=\"_blank\" rel=\"noopener\"><strong>LANGE NACHT <\/strong><\/a>&#8222;, 12049 Berlin, Weisestra\u00dfe 8, U-Bahnhof Boddinstra\u00dfe<br \/>\nDatum: Samstag, 15. Oktober 2005<br \/>\nZeit: ab 20.00 Uhr, Lesung ab ca. 21.00 Uhr, danach Party<br \/>\nEintritt: frei &#8211; Buchstabensuppe f\u00fcr alle!<br \/>\nSpecial: DJ Colin und DJ Hofpunk &#8211; und vielleicht stelle ich mich auch ein St\u00fcndchen an die Plattenteller &#8230;<br \/>\n<strong><a href=\"..\/..\/AlteSite\/plakat_buchpremiere.jpg\" target=\"_blank\" rel=\"noopener\"> Ank\u00fcndigungsplakat (600 KB, JPG)<\/a><\/strong><\/span><\/h6>\n<\/blockquote>\n<p><span style=\"color: #000000;\"><strong><span style=\"font-size: small;\">Samstag, 26.11.2005:<br \/>\n7. Lindauer Literaturschmaus mit Selim \u00d6zdogan und Tom Liehr<\/span><\/strong><\/span><\/p>\n<blockquote><p><span style=\"color: #000000;\"><a href=\"http:\/\/www.insel-hotel-lindau.de\/\" target=\"_blank\" rel=\"noopener\"><img loading=\"lazy\" decoding=\"async\" src=\"..\/..\/AlteSite\/litschmaus.jpg\" alt=\"\" width=\"454\" height=\"230\" border=\"0\" \/><\/a> <\/span><\/p><\/blockquote>\n<\/td>\n<td rowspan=\"2\" valign=\"top\">\n<div><span style=\"color: #000000;\"><a href=\"http:\/\/www.amazon.de\/exec\/obidos\/ASIN\/3746621836\/ref=ase_wwwtomliehde-21\" target=\"_blank\" rel=\"noopener\"><img loading=\"lazy\" decoding=\"async\" src=\"..\/..\/AlteSite\/it_cover_mini3.jpg\" alt=\"\" width=\"117\" height=\"193\" border=\"0\" vspace=\"5\" \/><\/a><\/span><\/div>\n<\/td>\n<\/tr>\n<tr>\n<td><\/td>\n<\/tr>\n<tr>\n<td><span style=\"color: #000000;\"><strong><span style=\"font-size: small;\">16.4.2005: Lesung aus &#8222;Radio Nights&#8220; im Rahmen der LangenLeseNacht<\/span><\/strong><\/span><\/p>\n<blockquote>\n<h6><span style=\"color: #000000;\">mit Silke Porath, Dirk Becker, Ulrike Linnenbrink und anderen<\/span><span style=\"color: #000000;\"><br \/>\nOrt: <strong><a href=\"http:\/\/www.spaichingen.de\/museum\" target=\"_blank\" rel=\"noopener\">Gewerbemuseum Spaichingen<\/a><\/strong>, Bahnhofstr. 5, 78549 Spaichingen (Tel.: 07424-501445)<br \/>\nDatum: Samstag, 16. April 2005<br \/>\nZeit: 19.00 Uhr<\/span><\/h6>\n<\/blockquote>\n<p><span style=\"color: #000000;\"><strong><span style=\"font-size: small;\">8.12.2004<\/span><span style=\"font-size: small;\">: Lesung aus &#8222;Radio Nights&#8220;<\/span><\/strong><\/span><\/p>\n<blockquote>\n<h6><span style=\"color: #000000;\">Ort: <a href=\"http:\/\/cgi.eisenhuettenstadt.de\/Stadtbibliothek\/bibohaupt.htm\" target=\"_blank\" rel=\"noopener\"> <strong>Stadtbibliothek Eisenh\u00fcttenstadt<\/strong><\/a>, Lindenallee 2, 15890 Eisenh\u00fcttenstadt (Tel.: 03364\/46140)<br \/>\nDatum: Mittwoch, 8. Dezember 2004<br \/>\nZeit: 19.30 Uhr<\/span><\/h6>\n<\/blockquote>\n<p><span style=\"color: #000000;\"><strong><span style=\"font-size: small;\">25.2.2004: Lesung aus &#8222;Radio Nights&#8220;<\/span><\/strong><\/span><\/p>\n<blockquote>\n<h6><span style=\"color: #000000;\">Ort: <a href=\"http:\/\/www.ellens.de\/\" target=\"_blank\" rel=\"noopener\"> <strong>Ellens Buchhandlung<\/strong><\/a>, M\u00fcnzstra\u00dfe 48, 48143 M\u00fcnster (Tel.: 0251\/57441)<br \/>\nVeranstalter: &#8222;Der LeseWurm&#8220;, die B\u00fcchersendung im B\u00fcrgerfunk M\u00fcnster (Kontakt: Frank Stephan, 0251\/274675)<br \/>\nDatum: Mittwoch, 25. Februar 2004<br \/>\nZeit: 20.00 Uhr<br \/>\nEintritt: N.N.<\/span><\/h6>\n<\/blockquote>\n<p><span style=\"color: #000000;\"><strong><span style=\"font-size: small;\">13.2.2004: Er\u00f6ffnung des &#8222;Literaturhotels&#8220;, Lindau<\/span><\/strong><\/span><\/p>\n<blockquote>\n<h6><span style=\"color: #000000;\">Ort: Literaturhotel Lindau, Maximilianstra\u00dfe 42, 88131 Lindau<br \/>\nDatum: Freitag, 13. Februar 2004<br \/>\nZeit: ab 17.30 Uhr<br \/>\nAnschlie\u00dfend: <strong>&#8222;Lindauer Literaturschmaus&#8220; mit literarischen Intermezzi <\/strong>von Iris Kammerer (&#8222;Der Tribun&#8220;), Lea Wolf (&#8222;Kalt ist der Schlaf&#8220;) und Tom Liehr (&#8222;Radio Nights&#8220;)<br \/>\nOrt: Gasthaus &#8222;Zum S\u00fcnfzen&#8220;, Maximilianstra\u00dfe 5, 88131 Lindau<br \/>\nZeit: ab 19.00 Uhr<br \/>\nEintritt: 25,&#8211; Euro, darin enthalten ein &#8222;festliches 4-G\u00e4nge-Men\u00fc&#8220;<br \/>\n<\/span><\/h6>\n<\/blockquote>\n<p><span style=\"color: #000000;\"><strong><span style=\"color: #ffffff; font-size: small;\">7.2.2004: &#8222;Alles K\u00e4se!&#8220; &#8211; Lesung der <a href=\"http:\/\/www.42er.de\/\" target=\"_blank\" rel=\"noopener\">42erAutoren<\/a><\/span><\/strong><\/span><\/p>\n<blockquote>\n<h6><span style=\"color: #000000;\">mit Angelika Brox, Ulrike Linnenbrink, Michael Stavaric, mir und anderen<br \/>\nOrt: Kleinkunstb\u00fchne &#8222;Szenario&#8220; im Caf\u00c3\u00a9 &#8222;<strong><a href=\"http:\/\/www.auflauf-marburg.de\/\" target=\"_blank\" rel=\"noopener\">Auflauf<\/a><\/strong>&#8222;, Steinweg 1, 35037 Marburg<br \/>\nDatum: Samstag, 7. Februar 2004<br \/>\nZeit: 18.00 Uhr<br \/>\nEintritt: 4,&#8211; Euro, erm\u00e4\u00dfigt 3 Euro<br \/>\nIm Anschlu\u00df Party, wahrscheinlich lege ich wieder auf &lt;s&gt;<\/span><\/h6>\n<\/blockquote>\n<p><span style=\"color: #000000;\"><strong><span style=\"font-size: small;\">5.9.2003: Vernissage\/Ausstellungser\u00f6ffnung &#8222;Galerie Kraftwerk&#8220;<\/span><\/strong><\/span><\/p>\n<blockquote>\n<h6><span style=\"color: #000000;\">Lesung der &#8222;<a href=\"http:\/\/www.42er.de\/\" target=\"_blank\" rel=\"noopener\">42erAutoren<\/a>&#8220; anl\u00e4\u00dflich der Ausstellungser\u00f6ffnung dithmarschener K\u00fcnstler im Rahmen des &#8222;KunstGRIFF-Projektes&#8220;, dabei auch Lesung aus &#8222;Radio Nights&#8220;<br \/>\nOrt: Galerie &#8222;Kraftwerk&#8220;, Rungestra\u00dfe 20, 10179 Berlin (Mitte)<br \/>\nDatum: Freitag, 5. September 2003<br \/>\nZeit: 19.00 Uhr<br \/>\nEintritt: frei <\/span><\/h6>\n<\/blockquote>\n<p><span style=\"color: #000000;\"><strong><span style=\"font-size: small;\">5.4.2003: &#8222;Radio Nights&#8220; &#8211; Buchpremiere &amp; Party<\/span><\/strong><\/span><\/p>\n<blockquote>\n<h6><span style=\"color: #000000;\">Ort: Caf\u00c3\u00a9 &#8211; Kneipe &#8211; Galerie &#8222;<a href=\"http:\/\/www.lohffs.de\/\" target=\"_blank\" rel=\"noopener\"><strong>LOHFFS<\/strong><\/a>&#8222;, 12049 Berlin, Weisestra\u00dfe 8, U-Bahnhof Boddinstra\u00dfe<br \/>\nDatum: Samstag, 5. April 2003<br \/>\nZeit: ab 20.00 Uhr, Lesung ab ca. 21.00 Uhr, danach Party<br \/>\nEintritt: frei<br \/>\nSpecial: Der Autor legt selbst auf!<\/span><\/h6>\n<\/blockquote>\n<\/td>\n<\/tr>\n<\/tbody>\n<\/table>\n","protected":false},"excerpt":{"rendered":"<p>\u00c4h. Ja. So gegen Anfang\/Mitte 2011 habe ich wohl damit aufgeh\u00f6rt, diesen Bereich zu pflegen, was vermutlich damit zu tun hat, dass ich die Termine in der Hauptsache bei Facebook ver\u00f6ffentlicht habe. Aber ich gelobe Besserung. Und fange gleich mal damit an: Sonntag, 23.3.2025, Lesung aus &#8222;Im wechselnden Licht der Jahre&#8220; im Rahmen von &#8222;Rudow &hellip; <a href=\"https:\/\/www.tomliehr.de\/?page_id=28\" class=\"more-link\"><span class=\"screen-reader-text\">Termine<\/span> weiterlesen <span class=\"meta-nav\">&rarr;<\/span><\/a><\/p>\n","protected":false},"author":1,"featured_media":0,"parent":0,"menu_order":15,"comment_status":"closed","ping_status":"closed","template":"","meta":{"footnotes":""},"class_list":["post-28","page","type-page","status-publish","hentry"],"_links":{"self":[{"href":"https:\/\/www.tomliehr.de\/index.php?rest_route=\/wp\/v2\/pages\/28","targetHints":{"allow":["GET"]}}],"collection":[{"href":"https:\/\/www.tomliehr.de\/index.php?rest_route=\/wp\/v2\/pages"}],"about":[{"href":"https:\/\/www.tomliehr.de\/index.php?rest_route=\/wp\/v2\/types\/page"}],"author":[{"embeddable":true,"href":"https:\/\/www.tomliehr.de\/index.php?rest_route=\/wp\/v2\/users\/1"}],"replies":[{"embeddable":true,"href":"https:\/\/www.tomliehr.de\/index.php?rest_route=%2Fwp%2Fv2%2Fcomments&post=28"}],"version-history":[{"count":31,"href":"https:\/\/www.tomliehr.de\/index.php?rest_route=\/wp\/v2\/pages\/28\/revisions"}],"predecessor-version":[{"id":946,"href":"https:\/\/www.tomliehr.de\/index.php?rest_route=\/wp\/v2\/pages\/28\/revisions\/946"}],"wp:attachment":[{"href":"https:\/\/www.tomliehr.de\/index.php?rest_route=%2Fwp%2Fv2%2Fmedia&parent=28"}],"curies":[{"name":"wp","href":"https:\/\/api.w.org\/{rel}","templated":true}]}}