{"id":20,"date":"2010-10-20T10:18:12","date_gmt":"2010-10-20T08:18:12","guid":{"rendered":"http:\/\/www.tomliehr.de\/blog\/?page_id=20"},"modified":"2026-04-27T10:49:22","modified_gmt":"2026-04-27T08:49:22","slug":"geisterfahrer","status":"publish","type":"page","link":"https:\/\/www.tomliehr.de\/?page_id=20","title":{"rendered":"Geisterfahrer"},"content":{"rendered":"<ul>\n<li><a title=\"Zum Verlag\" href=\"http:\/\/www.aufbau-verlag.de\/\" target=\"_blank\" rel=\"noopener noreferrer\">Aufbau-Verlag<\/a><\/li>\n<li>Erstver\u00f6ffentlichung: Februar 2008<a title=\"Bestellen bei Amazon\" href=\"https:\/\/shop.autorenwelt.de\/products\/geisterfahrer-von-tom-liehr?variant=51753467718\" target=\"_blank\" rel=\"noopener noreferrer\"><img loading=\"lazy\" decoding=\"async\" class=\"alignright\" src=\"http:\/\/www.tomliehr.de\/gf_cover.jpg\" alt=\"Geisterfahrer (Cover)\" width=\"241\" height=\"398\" \/><\/a><\/li>\n<li>Auflage: 3<\/li>\n<li>Lizenzen: Frankreich (&#8222;\u00c1 contresens&#8220;, Oktober 2010, <a title=\"Zum Verlag\" href=\"http:\/\/www.asphalte-editions.com\/\" target=\"_blank\" rel=\"noopener noreferrer\">asphalte editions<\/a>)<\/li>\n<\/ul>\n<p>Nach der Filmadaption wieder ein &#8222;richtiger&#8220; Liehr.\u00a0 Wenn ich gefragt werde, welches mein Lieblingsbuch von mir selbst ist, nenne ich dieses.<\/p>\n<p><em>Das Leben &#8211; zu kurz, um davor wegzulaufen.<\/em><\/p>\n<p><em>Als Ex-DJ Tim K\u00f6hrey endlich zu sich kommt, ist es fast zu sp\u00e4t &#8211; Berlin ist weit weg, die gro\u00dfe Liebe l\u00e4ngst vorbei, und seine Zukunftsaussichten sind tr\u00fcbe: Provinzleben, Reihenhaus, zerr\u00fcttete Ehe. Er kehrt zur\u00fcck in die neue Hauptstadt und sucht nach dem Gl\u00fcck seiner Jugend. Eine rasante Geschichte \u00fcber verp\u00e4tete Chancen, Liebe, Freundschaft, Musik und die goldenen Achtziger.<\/em><\/p>\n<p><em>(Text der Buchhandelsbrosch\u00fcre)<\/em><\/p>\n<h2><strong>Presseresonanz:<\/strong><\/h2>\n<p><strong><em><strong>Rezension und Interview zu &#8222;Geisterfahrer&#8220;\u009d im <a href=\"http:\/\/www.flashazine.de\/\" target=\"_blank\" rel=\"noopener noreferrer\">&#8222;flashazine&#8220;<\/a>, dem Online-Magazin der Jugendpresse BW<br \/>\n<a href=\"http:\/\/www.flashazine.de\/#\/lyricline\/40\" target=\"_blank\" rel=\"noopener noreferrer\">flashazine 06\/2009<\/a>, <\/strong><\/em><\/strong><em>20.6.2009<\/em><\/p>\n<p><strong><em><strong>Interview im Berliner Stadtmagazin &#8222;Zitty&#8220;<br \/>\n<\/strong><em><a href=\"..\/..\/test\/zitty.jpg\" target=\"_blank\" rel=\"noopener noreferrer\">Zitty 07\/2009 (JPG, 690 KB)<\/a>, <\/em><\/em><\/strong><em><em>25.3.2009<\/em><\/em><\/p>\n<p><strong><em><strong>&#8222;Nicht zu Unrecht ist Tom Liehr mit Nick Hornby verglichen worden. Geisterfahrer ist ein Feel-good-Entwicklungsroman, der rasant, wirklichkeitsnah, tough, aber auch anr\u00fchrend ist.&#8220;<br \/>\n<\/strong><\/em><\/strong><em><em><a href=\"http:\/\/www.tip-berlin.de\/kultur-und-freizeit-lesungen-und-buecher\/geisterfahrer-von-tom-liehr\" target=\"_blank\" rel=\"noopener noreferrer\">tip Berlin<\/a>, 6.8.2008<\/em><\/em><\/p>\n<p><strong><em><strong>&#8222;Eine ungeheure Dynamik hat dieser Roman, der Autor ein feines Gesp\u00fcr f\u00fcr seine Figuren und ihre Beweggr\u00fcnde zu handeln\u00a0 &#8211; oder eben nicht. Gro\u00dfartig!&#8220;\u009d<br \/>\n<\/strong><\/em><\/strong><em><em>Badische Zeitung , 22.7.2008<\/em><\/em><\/p>\n<p><strong><em><strong>&#8222;Das beste Buch, das ich seit langem gelesen habe.&#8220;<br \/>\n<\/strong><a href=\"http:\/\/www.dasding.de\/#http:\/\/www.dasding.de\/home\/-\/id=340\/vv=content\/cf=42\/nid=340\/did=119106\/jhxeag\/index.html\" target=\"_blank\" rel=\"noopener noreferrer\">DasDing\/SWR<\/a><\/em><\/strong><em>,<\/em> <em>19.5.2008<\/em><\/p>\n<p><strong><em><strong>&#8222;Tom Liehr schreibt wie ein DJ: Das rasante Tempo wird von Anfang bis zum Schluss durchgehalten. Der Groove reisst mit, ohne dass es irgendwo zu \u00fcberfordernden Richtungs\u00e4nderungen oder Br\u00c3\u00bcchen kommt.&#8220;<br \/>\n<\/strong><a href=\"http:\/\/www.nahaufnahmen.ch\/neuerscheinungen\/vom-hohepunkt-der-neuen-deutschen-welle.html\" target=\"_blank\" rel=\"noopener noreferrer\">Nahaufnahmen (Schweiz) <\/a><\/em><\/strong><em>,<\/em> <em>4\/2008<\/em><\/p>\n<p><strong><em><strong>&#8222;Ein Buch, das einen nicht mehr losl\u00e4st.&#8220;<br \/>\n<\/strong><a href=\"http:\/\/www.literaturnetz.com\/content\/view\/9024\/44\/\" target=\"_blank\" rel=\"noopener noreferrer\">literature.de<\/a><\/em><\/strong><em>,<\/em> <em>10.4.2008<\/em><\/p>\n<p><em><strong>&#8222;Tom Liehr schreibt fluffig und mitreissend. Auf jeden Fall lesen!&#8220;<br \/>\n<\/strong><a href=\"http:\/\/www.fritz.de\/fritz_info\/buecher\/2008\/03\/tom_liehr_geisterfahrer.html\" target=\"_blank\" rel=\"noopener noreferrer\">Radio FRITZ\/RBB<\/a>, 1.4.2008<br \/>\n<a href=\"http:\/\/www.fritz.de\/_\/fritzinfo\/detail_jsp\/irubrik=170\/key=129308.html\" target=\"_blank\" rel=\"noopener noreferrer\">Artikel ansehen<\/a> \u00b7 <\/em><em><a href=\"http:\/\/download.fritz.de\/fritzinfo\/260308_buecher.mp3\" target=\"_blank\" rel=\"noopener noreferrer\">Beitrag anh\u00f6ren (und darauf achten, welcher Autorenname am Ende genannt wird!)<\/a><\/em><\/p>\n<p><em><strong>&#8222;&#8230; hat Liehr so fesselnd und rasant geschrieben, dass man gar nicht aufh\u00f6ren kann. Es klingt wahrhaftig.&#8220;<br \/>\n<\/strong>Neue Presse, 25.3.2008<\/em><\/p>\n<p><em><strong>&#8222;Tom Liehr hat ein H\u00e4ndchen f\u00fcr Geschichten. Er erz\u00e4hlt mit Hingabe, leidenschaftlich, mit Liebe zum Detail und emotionalen Wendungen.&#8220;<br \/>\n<\/strong>WAZ, 20.3.2008<\/em><\/p>\n<p><strong><em>&#8222;Ein tragikomisches Roadmovie, das die westdeutsche Geschichte der 80er Jahre und die Popmusik vor dem geistigen Auge des Leser wiederauferstehen l\u00e4sst.&#8220;<\/em><\/strong><br \/>\n<em>B\u00f6rsenblatt des Deutschen Buchhandels, 2.8.2007<\/em><\/p>\n","protected":false},"excerpt":{"rendered":"<p>Aufbau-Verlag Erstver\u00f6ffentlichung: Februar 2008 Auflage: 3 Lizenzen: Frankreich (&#8222;\u00c1 contresens&#8220;, Oktober 2010, asphalte editions) Nach der Filmadaption wieder ein &#8222;richtiger&#8220; Liehr.\u00a0 Wenn ich gefragt werde, welches mein Lieblingsbuch von mir selbst ist, nenne ich dieses. Das Leben &#8211; zu kurz, um davor wegzulaufen. Als Ex-DJ Tim K\u00f6hrey endlich zu sich kommt, ist es fast zu &hellip; <a href=\"https:\/\/www.tomliehr.de\/?page_id=20\" class=\"more-link\"><span class=\"screen-reader-text\">Geisterfahrer<\/span> weiterlesen <span class=\"meta-nav\">&rarr;<\/span><\/a><\/p>\n","protected":false},"author":1,"featured_media":0,"parent":0,"menu_order":9,"comment_status":"closed","ping_status":"closed","template":"","meta":{"footnotes":""},"class_list":["post-20","page","type-page","status-publish","hentry"],"_links":{"self":[{"href":"https:\/\/www.tomliehr.de\/index.php?rest_route=\/wp\/v2\/pages\/20","targetHints":{"allow":["GET"]}}],"collection":[{"href":"https:\/\/www.tomliehr.de\/index.php?rest_route=\/wp\/v2\/pages"}],"about":[{"href":"https:\/\/www.tomliehr.de\/index.php?rest_route=\/wp\/v2\/types\/page"}],"author":[{"embeddable":true,"href":"https:\/\/www.tomliehr.de\/index.php?rest_route=\/wp\/v2\/users\/1"}],"replies":[{"embeddable":true,"href":"https:\/\/www.tomliehr.de\/index.php?rest_route=%2Fwp%2Fv2%2Fcomments&post=20"}],"version-history":[{"count":16,"href":"https:\/\/www.tomliehr.de\/index.php?rest_route=\/wp\/v2\/pages\/20\/revisions"}],"predecessor-version":[{"id":965,"href":"https:\/\/www.tomliehr.de\/index.php?rest_route=\/wp\/v2\/pages\/20\/revisions\/965"}],"wp:attachment":[{"href":"https:\/\/www.tomliehr.de\/index.php?rest_route=%2Fwp%2Fv2%2Fmedia&parent=20"}],"curies":[{"name":"wp","href":"https:\/\/api.w.org\/{rel}","templated":true}]}}